{"id":4241,"date":"2020-01-15T09:10:08","date_gmt":"2020-01-15T07:10:08","guid":{"rendered":"http:\/\/fba.orienteering.sk\/?page_id=4241"},"modified":"2020-01-23T15:46:13","modified_gmt":"2020-01-23T13:46:13","slug":"sprava-cinnosti-za-rok-2019","status":"publish","type":"page","link":"http:\/\/fba.orienteering.sk\/?page_id=4241","title":{"rendered":"Spr\u00e1va \u010dinnosti za rok 2019"},"content":{"rendered":"<p><strong>Pretek\u00e1rska \u010dinnos\u0165:<\/strong><br \/>\n\u010clenovia n\u00e1\u0161ho klubu sa presadzovali predov\u0161etk\u00fdm v s\u00fa\u0165a\u017eiach sekcie orienta\u010dn\u00e9ho behu a presnej orient\u00e1cie. V men\u0161ej miere sa niektor\u00ed jednotlivci z\u00fa\u010dastnili pretekov v ly\u017eiarskom orienta\u010dnom behu a orienta\u010dnej cyklistike.<\/p>\n<p><strong><span style=\"color: #000000;\">Presn\u00e1 orient\u00e1cia<\/span><\/strong><br \/>\nN\u00e1\u0161 klub je od za\u010diatku existencie discipl\u00edny l\u00eddrom presnej orient\u00e1cie na Slovensku. Minuloro\u010dn\u00e9 Majstrovstv\u00e1 sveta sa uskuto\u010dnili v Portugalsku, pri\u010dom kompletn\u00e1 reprezent\u00e1cia Slovenska bola tvoren\u00e1 iba pretek\u00e1rmi z n\u00e1\u0161ho klubu. V slovensk\u00fdch farb\u00e1ch nast\u00fapili Du\u0161an a J\u00e1n Furuczov\u00ed, Pavol Bukov\u00e1c a p\u00f4vodne bol nominovan\u00fd aj \u0160imon Mi\u017e\u00far, ktor\u00fd sa ale nakoniec kv\u00f4li zdravotn\u00fdm probl\u00e9mom nez\u00fa\u010dastnil. Tentokr\u00e1t sa n\u00e1m nepodarilo prinies\u0165 medailu, ale 4. miesto v \u0161tafete, aj ke\u010f len p\u00e1r sek\u00fand za bronzovou medailou pova\u017eujeme za ve\u013ek\u00fd \u00faspech. V discipl\u00edne PreO sa n\u00e1m a\u017e tak ve\u013emi nedarilo, v kone\u010dnom umiestnen\u00ed dosiahol 14. miesto J\u00e1n Furucz, Du\u0161an Furucz bol 29. a Pavol Bukov\u00e1c 64. V discipl\u00edne TempO sme v\u0161etci post\u00fapili do fin\u00e1le, kde najlep\u0161\u00ed v\u00fdsledok dosiahol Du\u0161an Furucz 12. miestom, J\u00e1n Furucz bol 16. a Pavol Bukov\u00e1c 17.<br \/>\nU\u017e druh\u00fdm rokom vo svete existuj\u00fa WRE s\u00fa\u0165a\u017ee aj v presnej orient\u00e1ci\u00ed a ani tam sa nestr\u00e1came. V kone\u010dnom rebr\u00ed\u010dku za rok 2019 sa najlep\u0161ie umiestnil J\u00e1n Furucz na 3. mieste, Du\u0161an Furucz bol 16., Pavol Bukov\u00e1c 25. a \u0160imon Mi\u017e\u00far 57.<br \/>\nPravidelne sa z\u00fa\u010dast\u0148ujeme s\u00fa\u0165a\u017e\u00ed Eur\u00f3pskeho poh\u00e1ra, kde v celkovom porad\u00ed J\u00e1n Furucz obsadil 7. miesto, Du\u0161an Furucz bol 17., Pavol Bukov\u00e1c 23. a \u0160imon Mi\u017e\u00far 48.<br \/>\nV zahrani\u010d\u00ed sa pravidelne z\u00fa\u010dast\u0148ujeme s\u00fa\u0165a\u017e\u00ed v chorv\u00e1tsko-ma\u010farsko-taliansko- slovinsk\u00e9ho poh\u00e1ra (CHIS Cup), kde sme minul\u00fd rok excelovali a obsadili sme 1. miesto J\u00e1nom Furuczom a 3. miesto obsadil \u0160imon Mi\u017e\u00far. V \u010deskom poh\u00e1ri sa tradi\u010dne takisto dobre umiest\u0148ujeme. Du\u0161an obsadil kone\u010dn\u00e9 2. miesto a \u0160imon Mi\u017e\u00far bol 4.<br \/>\nTento rok sa MSR v PreO konali v zahrani\u010d\u00ed, tak\u017ee sme mali mo\u017enos\u0165 sa ich z\u00fa\u010dastni\u0165 v plnom po\u010dte, nako\u013eko inak ich typicky organizujeme. 1. miesto obsadil J\u00e1n Furucz a 2. bol \u0160imon Mi\u017e\u00far. MSR v discipl\u00edne TempO sa uskuto\u010dnili vo Zvolene. V\u00ed\u0165azom sa stal Pavol Bukov\u00e1c a Du\u0161an Furucz bol 2.<br \/>\nV roku 2020 okrem pretekov MSR, ECTO a WRE n\u00e1s \u010dakaj\u00fa dve vrcholn\u00e9 podujatia. Najprv koncom m\u00e1ja sa vo F\u00ednsku uskuto\u010dnia Majstrovstv\u00e1 Eur\u00f3py a koncom roka na prelome novembra a decembra kon\u010d\u00edme sez\u00f3nu Majstrovstvami sveta v Hong Kong-u. ke\u010f p\u00f4jde v\u0161etko ako m\u00e1, tak predpoklad\u00e1me, \u017ee pretek\u00e1ri n\u00e1\u0161ho klubu bud\u00fa op\u00e4\u0165 tvori\u0165 v\u00e4\u010d\u0161inu reprezenta\u010dn\u00e9ho v\u00fdberu.<\/p>\n<p><strong><span style=\"color: #000000;\">S\u00fa\u0165a\u017ee v orienta\u010dnom behu<\/span><\/strong><br \/>\nV dlhodobej s\u00fa\u0165a\u017ei v slovenskom rebr\u00ed\u010dku dru\u017estiev skon\u010dil FARMACEUT na 5. mieste za v\u00ed\u0165azn\u00fdmi ATU Ko\u0161ice, na druhom mieste skon\u010dil Sokol Pezinok, na tre\u0165om mieste Sl\u00e1via \u017dilina a na \u0161tvrtom Rapid Bratislava V poh\u00e1ri predsedu SZO\u0160 skon\u010dilo na\u0161e dru\u017estvo ml\u00e1de\u017en\u00edkov na vynikaj\u00facom 3. mieste za Sokolom Pezinok a Sl\u00e1viou \u017dilina.<\/p>\n<p>Na stupne v\u00ed\u0165azov Majstrovstiev Slovenska sa v uplynulom roku postavili t\u00edto na\u0161i pretek\u00e1ri:<br \/>\n<span style=\"color: #003300;\">Majstrovstv\u00e1 Slovenska v LOB \u2013 dlh\u00e1 tra\u0165 (16.02.2019 Skalka):<\/span><br \/>\n1. M14 Filip Bukov\u00e1c<br \/>\n3. W14 Rebecca Herna<br \/>\n3. W35 Alena Bukov\u00e1cov\u00e1<br \/>\nMajstrovstv\u00e1 Slovenska v LOB \u2013 \u0161tafety (17.02.2019 Skalka):<br \/>\n3. M14 Bukov\u00e1c, Herna<br \/>\n2. M70 Hrn\u010diar, \u0160abo<br \/>\n3. M70 Janota, Bukov\u00e1c<br \/>\nMajstrovstv\u00e1 Slovenska \u2013 presn\u00e1 orient\u00e1cia PreO (19.5.2019 Nov\u00e9 M\u011bsto\/Metuj\u00ed)<br \/>\n1. J\u00e1n Furucz<br \/>\n2. \u0160imon Mi\u017e\u00far<br \/>\nMajstrovstv\u00e1 Slovenska \u2013 \u0161print (25.5.2019 Trnava)<br \/>\n2. M40 Borsk\u00fd Martin<br \/>\n3. M40 Hrn\u010diar Du\u0161an<br \/>\n1. W14 Herna Rebecca<br \/>\n3. W14 Kendrov\u00e1 Tereza<br \/>\n2. W45 \u0160mel\u00edkov\u00e1 Hana<br \/>\nMajstrovstv\u00e1 Slovenska \u2013 stredn\u00e1 tra\u0165 (15.6.2019 Lietava)<br \/>\n3. M14 Bukov\u00e1c Filip<br \/>\n3. M60 Mi\u017e\u00far J\u00e1n<br \/>\n1. W14 Herna Rebecca<br \/>\n2. W14 Kendrov\u00e1 Tereza<br \/>\n1 .W45 \u0160mel\u00edkov\u00e1 Hana<br \/>\n2. W55 Mi\u017e\u00farov\u00e1 Jana<br \/>\nMajstrovstv\u00e1 Slovenska \u2013 NOB (27.9.2019 Marianka)<br \/>\n2. M21 Zbranek Roman<br \/>\n3. M35 Bohu\u0161 Peter<br \/>\n1. M40 Hrn\u010diar Du\u0161an<br \/>\n2. W16 Herna Rebecca<br \/>\n1. W21 Kav\u00e1nkov\u00e1 Iva<br \/>\n1. W40 Komanov\u00e1 Krist\u00edna<br \/>\n3. W40 \u0160mel\u00edkov\u00e1 Hana<br \/>\nMajstrovstv\u00e1 Slovenska \u2013 \u0161tafiet (28.9.2019 Bratislava)<br \/>\n3. W19 Wartiakov\u00e1, Hrabo\u0161ov\u00e1, Kav\u00e1nkov\u00e1<br \/>\n3. M105 Bohu\u0161, Kotuliak, Koman<br \/>\n2. W105 \u0160mel\u00edkov\u00e1, Komanov\u00e1, Bukov\u00e1cov\u00e1<br \/>\n2. M14 Kasza, Bukov\u00e1c<br \/>\n1. W14 Kendrov\u00e1, Herna<br \/>\nMajstrovstv\u00e1 Slovenska \u2013 dlh\u00e1 tra\u0165 (12.10.2019 Lu\u010denec)<br \/>\n2. M14 Bukov\u00e1c Filip<br \/>\n3. M60 Mi\u017e\u00far J\u00e1n<br \/>\n1. W14 Herna Rebecca<br \/>\n3. W 14 Kendrov\u00e1 Tereza<br \/>\n1. W45 \u0160mel\u00edkov\u00e1 Hana<br \/>\nMajstrovstv\u00e1 Slovenska \u2013 TempO (19.10.2019 Bratislava)<br \/>\n1. Bukov\u00e1c Pavol<br \/>\n2. Furucz Du\u0161an<br \/>\nMajstrovstv\u00e1 Slovenska \u2013 \u0161printov\u00e9 \u0161tafety (19.10.2019 Zvolen)<br \/>\n1. MWM14 Bukov\u00e1c F, Herna, Kasza<br \/>\n2. MWM19 Bukov\u00e1c P, Kav\u00e1nkov\u00e1, Zbranek<br \/>\n1. MWM105 Bukov\u00e1c M, Bukov\u00e1cov\u00e1, Glon\u010d\u00e1k<br \/>\n3. MWM 165 Mi\u017e\u00far J, Mi\u017e\u00farov\u00e1, Prill<\/p>\n<p>Celkovo sme z\u00edskali v s\u00fa\u0165a\u017eiach orienta\u010dn\u00e9ho behu 11 zlat\u00fdch, 10 strieborn\u00fdch a 11 bronzov\u00fdch medail\u00ed (\u010do je n\u00e1rast oproti roku 2018 o 3 zlat\u00e9 a tri bronzov\u00e9 medaile).<\/p>\n<p>V Slovenskom rebr\u00ed\u010dku jednotlivcov 2019 vo svojich kateg\u00f3ri\u00e1ch obsadili stupne v\u00ed\u0165azov:<br \/>\n1. miesto: Filip Bukov\u00e1c M14, Rebecca Herna W14, Hana \u0160mel\u00edkov\u00e1 W45<br \/>\n2. miesto: J\u00e1n Nebesk\u00fd M70<br \/>\n3. miesto: Lea Kotuliakov\u00e1 W12, Tereza Kendrov\u00e1, Magda Hrabo\u0161ov\u00e1 W20, Alena Bukov\u00e1cov\u00e1 W35, Martin Borsk\u00fd M40<\/p>\n<p>Ve\u013ek\u00fd po\u010det na\u0161ich \u010dlenov sa z\u00fa\u010dast\u0148ovalo pretekov oblastn\u00e9ho rebr\u00ed\u010dka ZO \u2013 Sanasport cupu. Tieto preteky s\u00fa vhodn\u00e9 hlavne pre na\u0161ich rekrea\u010dn\u00fdch be\u017ecov. V sez\u00f3ne 2019 sme obsadili tieto stupne v\u00ed\u0165azov:<br \/>\n1. miesto: Pavol Bukov\u00e1c M19, J\u00e1n Mi\u017e\u00far M 55,<br \/>\n2. miesto: J\u00e1n Koman M14, Hana \u0160mel\u00edkov\u00e1 W40<br \/>\n3. miesto: Peter Kotuliak M10, Marek Koman M40, Krist\u00edna Komanov\u00e1 W40,<\/p>\n<p>\u0160kolsk\u00e9 Majstrovstv\u00e1 SR:<br \/>\nS\u00fa\u0165a\u017e dru\u017estiev:<br \/>\n1. miesto Bukov\u00e1c, Kasza, Ber\u010d\u00edk, Kotuliak<\/p>\n<p>S\u00fa\u0165a\u017e \u0161tafiet:<br \/>\n1. miesto: Kasza, Kotuliak, Bukov\u00e1c<\/p>\n<p>Na \u0161kolsk\u00fdch majstrovstv\u00e1ch sveta v Est\u00f3nsku v\u0161etci na\u0161i mlad\u00ed pre\u0161li krstom \u201eve\u013ek\u00fdch OB pretekov\u201c. Ako nov\u00e1\u010dikovia sa ale s touto situ\u00e1ciou vysporiadali dobre a obsadili nasledovn\u00e9 poz\u00edcie:<br \/>\nLong: M (69 klasifikovan\u00fdch)<br \/>\n11. Filip Bukov\u00e1c,<br \/>\n21. Tom\u00e1\u0161 Kasza<br \/>\n32. Viktor Kotuliak<br \/>\n35. Adam Grambli\u010dka<br \/>\n37. Jakub Ber\u010d\u00edk<br \/>\nLong: W (70 klasifikovan\u00fdch)<br \/>\n14. Rebecca Herna<br \/>\nMiddle: M (72 klasifikovan\u00fdch)<br \/>\n11. Filip Bukov\u00e1c<br \/>\n17. Tom\u00e1\u0161 Kasza<br \/>\n21. Jakub Ber\u010d\u00edk<br \/>\n24. Adam Grambli\u010dka<br \/>\n32. Viktor Kotuliak<\/p>\n<p>Middle: W (72 klasifikovan\u00fdch)<br \/>\n14. Rebecca Herna<br \/>\nChlapci v kateg\u00f3rii \u0161kolsk\u00fdch dru\u017estiev obsadili ako t\u00edm celkovo (long+ middle) kr\u00e1sne piate miesto.<br \/>\nDo CTM (Centra talentovanej ml\u00e1de\u017ee) pre rok 2020 boli zaraden\u00ed Filip Bukov\u00e1c, Rebecca Herna, Tereza Kendrov\u00e1 a Tom\u00e1\u0161 Kasza.<\/p>\n<p><strong>Organiza\u010dn\u00e1 \u010dinnos\u0165:<\/strong><br \/>\n<strong>Preteky:<\/strong><br \/>\nNa jar sme usporiadali preteky oblastn\u00e9ho rebr\u00ed\u010dka vo form\u00e1te KnockOut \u0161print. Je to nov\u00e1 discipl\u00edna na IOF sc\u00e9ne. Hlavnou my\u0161lienkou na\u0161ich pretekov bolo odprezentova\u0165 t\u00fato discipl\u00ednu slovenskej O-verejnosti a prisp\u00f4sobi\u0165 ju podmienkam na Slovensku.<br \/>\nTradi\u010dne sme pripravili \u0161kolsk\u00e9 obvodn\u00e9 kol\u00e1 v orienta\u010dnom behu a prispeli sme k organiz\u00e1cii \u0161kolsk\u00fdch Majstrovstiev Bratislavsk\u00e9ho kraja.<br \/>\nNa jese\u0148 sme pripravili oblastn\u00e9 preteky Dunajsk\u00e1 buzola. Pre nedostato\u010dn\u00fd po\u010det prihl\u00e1sen\u00fdch pretek\u00e1rov boli preteky zru\u0161en\u00e9.<\/p>\n<p><strong>Tr\u00e9ningov\u00e1 pr\u00edprava:<\/strong><br \/>\nVe\u013ek\u00e9 \u00fasilie na\u010falej venujeme pr\u00edprave ml\u00e1de\u017ee.<br \/>\nCeloro\u010dn\u00e1 tr\u00e9ningov\u00e1 \u010dinnos\u0165 prebiehala pravidelne 3-4 kr\u00e1t v pracovnom t\u00fd\u017edni a po\u010das v\u00edkendov sme sa z\u00fa\u010dast\u0148ovali pretekov na Slovensku a v zahrani\u010d\u00ed. Sme ve\u013emi radi, \u017ee tr\u00e9nersk\u00e1 trojica Alena, Maro\u0161 Bukov\u00e1c a Marek Koman v\u00fdborne spolupracuj\u00fa a deti dost\u00e1vaj\u00fa kompletn\u00fa mapov\u00fa, ale aj kondi\u010dne-silov\u00fa pr\u00edpravu.<br \/>\nPre \u010dlenov klubu sme zorganizovali 2 v\u00edkendov\u00e9 s\u00fastredenie zameran\u00e9 na ly\u017eiarsku pr\u00edpravu + 8 v\u00edkendov\u00fdch mapov\u00fdch s\u00fastreden\u00ed. Deti nominovan\u00e9 na \u0161kolsk\u00e9 Majstrovstv\u00e1 sveta v Est\u00f3nsku absolvovali pod doh\u013eadom Maro\u0161a Bukov\u00e1ca a Laca Kaszu t\u00fd\u017edenn\u00fd v\u00fdjazd na Slovinsk\u00e9 preteky Lipica open. Ke\u010f\u017ee deti n\u00e1m rast\u00fa a n\u00e1roky na pr\u00edpravu st\u00fapaj\u00fa, po\u010das letn\u00fdch pr\u00e1zdnin sme zorganizovali v\u010faka Jarovi Hala\u010dovi, Maro\u0161ovi a Alene Bukov\u00e1covcom dvojt\u00fd\u017edenn\u00e9 s\u00fastredenie vo \u0160v\u00e9dsku pre 20 \u010dlenov FBA. V z\u00e1vere sez\u00f3ny FBA \u010dlenovia CTM absolvovali pr\u00edpravn\u00e9 s\u00fastredenie na EYOC 2020 v Ma\u010farsku.<\/p>\n<p><strong>Funkcion\u00e1rska \u010dinnos\u0165:<\/strong><br \/>\nV r\u00e1mci SZO\u0160 zast\u00e1vaj\u00fa na\u0161i \u010dlenovia v\u00fdznamn\u00e9 poz\u00edcie:<br \/>\npodpredseda a hospod\u00e1r SZO\u0160: J\u00e1n Mi\u017e\u00far<br \/>\npredseda Disciplin\u00e1rnej komisie SZO\u0160: Du\u0161an Hrn\u010diar<br \/>\npredseda Mapovej komisie: Du\u0161an Furucz (od 1.1.2020)<br \/>\ntr\u00e9ner akademickej reprezent\u00e1cie SR v OB: J\u00e1n Mi\u017e\u00far<br \/>\ntr\u00e9ner reprezent\u00e1cie presnej orient\u00e1cie: J\u00e1n Furucz<br \/>\nJ\u00e1n Mi\u017e\u00far na\u010falej p\u00f4sob\u00ed na poz\u00edcii hlavn\u00e9ho kontrol\u00f3ra Slovensk\u00e9ho olympijsk\u00e9ho v\u00fdboru, ktor\u00fd sa d\u0148a 7.12.2018 stal stre\u0161nou organiz\u00e1ciou slovensk\u00e9ho \u0161portu s n\u00e1zvom Slovensk\u00fd olympijsk\u00fd a \u0161portov\u00fd v\u00fdbor.<\/p>\n<p><strong>Metodika:<\/strong><br \/>\nAlena a Maro\u0161 Bukov\u00e1covci aktualizovali metodick\u00fa pr\u00edru\u010dku \u201eAby sme si rozumeli\u201c pod\u013ea najnov\u0161\u00edch noriem pre orienta\u010dn\u00fd beh. V\u00fdtla\u010dky bud\u00fa za\u010diatkom febru\u00e1ra k dispoz\u00edcii u autorov a na sekretari\u00e1te SZO\u0160.<\/p>\n<p>spracovali: Alena Bukov\u00e1cov\u00e1, Hanka \u0160mel\u00edkov\u00e1, J\u00e1n Furucz<\/p>\n","protected":false},"excerpt":{"rendered":"<p>Pretek\u00e1rska \u010dinnos\u0165: \u010clenovia n\u00e1\u0161ho klubu sa presadzovali predov\u0161etk\u00fdm v s\u00fa\u0165a\u017eiach sekcie orienta\u010dn\u00e9ho behu a presnej orient\u00e1cie. V men\u0161ej miere sa niektor\u00ed jednotlivci z\u00fa\u010dastnili pretekov v ly\u017eiarskom orienta\u010dnom behu a orienta\u010dnej cyklistike. Presn\u00e1 orient\u00e1cia N\u00e1\u0161 klub je<a class=\"moretag\" href=\"http:\/\/fba.orienteering.sk\/?page_id=4241\">Read More&#8230;<\/a><\/p>\n","protected":false},"author":2,"featured_media":0,"parent":322,"menu_order":0,"comment_status":"closed","ping_status":"closed","template":"","meta":[],"_links":{"self":[{"href":"http:\/\/fba.orienteering.sk\/index.php?rest_route=\/wp\/v2\/pages\/4241"}],"collection":[{"href":"http:\/\/fba.orienteering.sk\/index.php?rest_route=\/wp\/v2\/pages"}],"about":[{"href":"http:\/\/fba.orienteering.sk\/index.php?rest_route=\/wp\/v2\/types\/page"}],"author":[{"embeddable":true,"href":"http:\/\/fba.orienteering.sk\/index.php?rest_route=\/wp\/v2\/users\/2"}],"replies":[{"embeddable":true,"href":"http:\/\/fba.orienteering.sk\/index.php?rest_route=%2Fwp%2Fv2%2Fcomments&post=4241"}],"version-history":[{"count":5,"href":"http:\/\/fba.orienteering.sk\/index.php?rest_route=\/wp\/v2\/pages\/4241\/revisions"}],"predecessor-version":[{"id":4272,"href":"http:\/\/fba.orienteering.sk\/index.php?rest_route=\/wp\/v2\/pages\/4241\/revisions\/4272"}],"up":[{"embeddable":true,"href":"http:\/\/fba.orienteering.sk\/index.php?rest_route=\/wp\/v2\/pages\/322"}],"wp:attachment":[{"href":"http:\/\/fba.orienteering.sk\/index.php?rest_route=%2Fwp%2Fv2%2Fmedia&parent=4241"}],"curies":[{"name":"wp","href":"https:\/\/api.w.org\/{rel}","templated":true}]}}